{"id":18079,"date":"2026-04-28T11:45:27","date_gmt":"2026-04-28T15:45:27","guid":{"rendered":"https:\/\/sanexen.com\/?post_type=job&#038;p=18079"},"modified":"2026-04-28T14:09:04","modified_gmt":"2026-04-28T18:09:04","slug":"charge-e-de-projets-environnement-fly-in-fly-out","status":"publish","type":"job","link":"https:\/\/careers.sanexen.com\/fr\/job\/charge-e-de-projets-environnement-fly-in-fly-out\/","title":{"rendered":"Charg\u00e9.e de projets, Environnement (Fly-In\/Fly-out)"},"content":{"rendered":"\n<hr class=\"wp-block-separator has-alpha-channel-opacity is-style-wide\"\/>\n\n\n\n<p class=\"has-medium-font-size\">Sanexen est \u00e0 la recherche d&rsquo;un\u00b7e <strong>Charg\u00e9.e de projets <\/strong>pour ses divers projets au Canada.<\/p>\n\n\n\n<p><\/p>\n\n\n\n<h3 class=\"wp-block-heading\">Description de l&#8217;emploi<\/h3>\n\n\n\n<p><\/p>\n\n\n\n<p>Sanexen est \u00e0 la recherche d&rsquo;un.e Charg\u00e9.e de projets pour <strong>un projet majeur dans le Nord de l\u2019Ontario<\/strong>. Les profils recherch\u00e9s combinent une expertise en consultation environnementale (phases I et II, caract\u00e9risation, r\u00e9habilitation, surveillance) ou une exp\u00e9rience en travaux de r\u00e9habilitation et traitement d\u2019eau <em>in situ<\/em>. Le r\u00f4le est fortement <strong>orient\u00e9 terrain<\/strong> : supervision des travaux, coordination des \u00e9quipes et suivi des op\u00e9rations en conditions r\u00e9elles. <strong>Le projet est r\u00e9alis\u00e9 en mode fly-in\/fly-out sur un cycle de 2 semaines (potentiellement).<\/strong> Les candidats contribueront principalement \u00e0 ce projet, avec des possibilit\u00e9s sur d\u2019autres mandats \u00e0 venir, et seront rattach\u00e9s aux bureaux de Brossard ou de Qu\u00e9bec.<\/p>\n\n\n\n<p><\/p>\n\n\n\n<h4 class=\"wp-block-heading has-vivid-green-cyan-color has-text-color has-link-color wp-elements-601b8f5f01bbfd9a4fea6588a0ad2609\" style=\"text-transform:uppercase\"><strong>Principales responsabilit\u00e9s<\/strong><\/h4>\n\n\n\n<p><\/p>\n\n\n\n<ul class=\"wp-block-list\">\n<li><strong>Chef d&rsquo;orchestre du projet<\/strong> \u2014 Coordonner l&rsquo;ensemble de l&rsquo;\u00e9quipe de projet (professionnels, terrain, sous-traitants et fournisseurs) afin d&rsquo;assurer la r\u00e9alisation des travaux selon les objectifs fix\u00e9s en d\u00e9but de projet.<\/li>\n\n\n\n<li><strong>D\u00e9marrage et pr\u00e9sence terrain<\/strong> \u2014 Participer activement au d\u00e9marrage des projets par des visites de sites, assurant une compr\u00e9hension concr\u00e8te des conditions terrain et une mobilisation efficace de l&rsquo;\u00e9quipe d\u00e8s le lancement des travaux.<\/li>\n\n\n\n<li><strong>Gestion de projet <\/strong>\u2014 S\u2019assurer du suivi des projets au niveau : financiers, ESS, production et qualit\u00e9, et prendre des d\u00e9cisions correctives rapides en cas d&rsquo;\u00e9cart.<\/li>\n\n\n\n<li><strong>Gestion financi\u00e8re rigoureuse<\/strong> \u2014 Assurer le suivi des co\u00fbts et des revenus et participer \u00e0 facturation.<\/li>\n\n\n\n<li><strong>Gestion des risques et de la qualit\u00e9<\/strong> \u2014 Identifier, documenter et mettre en place les contr\u00f4les de risques d\u00e8s la soumission, appliquer les plans qualit\u00e9 et s&rsquo;assurer du respect des proc\u00e9dures internes tout au long du projet.<\/li>\n\n\n\n<li><strong>Gestion de la sant\u00e9 et s\u00e9curit\u00e9<\/strong> \u2014 Implanter et faire vivre le programme ESS \u00e0 travers ses projets.<\/li>\n\n\n\n<li><strong>Communication et coordination<\/strong> \u2014 Assurer la circulation fluide de l&rsquo;information entre tous les membres de l&rsquo;\u00e9quipe, tenir le directeur de projet inform\u00e9 de l&rsquo;avancement, et agir comme lien avec le client au besoin. R\u00e9diger les rapports et livrables pour \u00e9mission au client conform\u00e9ment au standard qualit\u00e9 de Sanexen.<\/li>\n\n\n\n<li><strong>Gestion des changements <\/strong>\u2014 Identifier et documenter tout changement \u00e0 la port\u00e9e du contrat (client ou sous-traitant), enclencher les proc\u00e9dures d&rsquo;approbation et informer les parties prenantes concern\u00e9es.<\/li>\n\n\n\n<li><strong>R\u00e9troaction et am\u00e9lioration continue <\/strong>\u2014 Animer des rencontres de suivi r\u00e9guli\u00e8res, participer au bilan de fin de projet pour capitaliser sur les le\u00e7ons apprises et contribuer \u00e0 l&rsquo;am\u00e9lioration des pratiques de l&rsquo;unit\u00e9 d&rsquo;affaires.<\/li>\n\n\n\n<li><strong>Avant tout : S&rsquo;\u00e9panouir au travail <\/strong>\u2014 Avoir du plaisir en travaillant de mani\u00e8re professionnelle et s\u00e9curitaire, dans un esprit d&rsquo;\u00e9quipe et de fiert\u00e9 du travail bien fait.<\/li>\n<\/ul>\n\n\n\n<p><\/p>\n\n\n\n<h4 class=\"wp-block-heading has-vivid-green-cyan-color has-text-color has-link-color wp-elements-102c55f4c8c751e72a4987ef07bd8e1d\" style=\"text-transform:uppercase\"><strong>Qualifications requises<\/strong><\/h4>\n\n\n\n<p><\/p>\n\n\n\n<p><strong>Profil recherch\u00e9<\/strong><\/p>\n\n\n\n<ul class=\"wp-block-list\">\n<li><strong>Exp\u00e9rience :<\/strong> Poss\u00e9der au moins 3 ann\u00e9es d\u2019exp\u00e9rience terrain en caract\u00e9risation ou r\u00e9habilitation de sites contamin\u00e9s. <strong>\u00catre disponible pour travailler en mode fly-in\/fly-out.<\/strong><\/li>\n\n\n\n<li><strong>Formation :<\/strong> D\u00e9tenir un dipl\u00f4me universitaire en g\u00e9nie, g\u00e9ologie, environnement ou dans un domaine connexe.<\/li>\n\n\n\n<li><strong>R\u00e9glementation <\/strong>: Avoir une bonne connaissance de la r\u00e9glementation en vigueur.<\/li>\n\n\n\n<li><strong>Communication :<\/strong> Excellente ma\u00eetrise du fran\u00e7ais et de l&rsquo;anglais (oral et \u00e9crit).<\/li>\n\n\n\n<li><strong>Aptitudes : <\/strong>Bonnes aptitudes en communication interpersonnelle et capacit\u00e9 \u00e0 travailler efficacement en \u00e9quipe, notamment en contexte terrain.<\/li>\n<\/ul>\n\n\n\n<p><\/p>\n\n\n\n<p><strong>Atouts<\/strong><\/p>\n\n\n\n<ul class=\"wp-block-list\">\n<li><strong>Expertise technique<\/strong>: Poss\u00e9der des connaissances techniques sp\u00e9cifiques au domaine de l&rsquo;environnement<\/li>\n\n\n\n<li>Avoir suivi la formation OSHA de 40 heures<\/li>\n<\/ul>\n\n\n\n<p><\/p>\n\n\n\n<p><strong>Ma\u00eetrise du fran\u00e7ais et de l\u2019anglais :<\/strong>&nbsp;&nbsp;<br>Compte tenu de la diversit\u00e9 de notre \u00e9quipe et de la n\u00e9cessit\u00e9 de collaborer avec des clients et partenaires locaux, pancanadiens et internationaux, la capacit\u00e9 de comprendre et de s\u2019exprimer dans les deux langues est exig\u00e9e.&nbsp;<\/p>\n\n\n\n<p>Nous valorisons la&nbsp;<strong>diversit\u00e9<\/strong>&nbsp;et l\u2019<strong>inclusion<\/strong>, et nous nous engageons \u00e0 offrir un environnement de travail respectueux et \u00e9quitable pour tous.<\/p>\n\n\n\n<blockquote class=\"wp-block-quote is-layout-flow wp-block-quote-is-layout-flow\">\n<p><em>Ce texte utilise le masculin g\u00e9n\u00e9rique pour faciliter la lecture; il inclut les termes masculins et f\u00e9minins dans le cadre de notre politique d\u2019inclusion.<\/em><\/p>\n<\/blockquote>\n\n\n\n<p><\/p>\n\n\n\n<p>Choisir&nbsp;<strong>SANEXEN<\/strong>, c\u2019est :<\/p>\n\n\n\n<ul class=\"wp-block-list\">\n<li>Une r\u00e9mun\u00e9ration comp\u00e9titive;&nbsp;<\/li>\n\n\n\n<li>Des avantages sociaux qui r\u00e9pondent \u00e0 vos besoins;&nbsp;<\/li>\n\n\n\n<li>Des possibilit\u00e9s d\u2019\u00e9volution de carri\u00e8re et de d\u00e9veloppement professionnel;&nbsp;<\/li>\n\n\n\n<li>Des projets et des d\u00e9fis qui combinent notre ADN et votre passion;<\/li>\n\n\n\n<li>Un environnement stimulant o\u00f9 chacun travaille vers des objectifs communs.<\/li>\n<\/ul>\n\n\n\n<p><\/p>\n\n\n\n<h3 class=\"wp-block-heading has-vivid-green-cyan-color has-text-color has-link-color has-medium-font-size wp-elements-8296fbda2657bf66d8b0592a26e17f44\">\u00c0 propos de SANEXEN<\/h3>\n\n\n\n<p><\/p>\n\n\n\n<p><strong>SANEXEN \u2013 Plus de 40 ans de solutions environnementales innovantes<\/strong><\/p>\n\n\n\n<p><\/p>\n\n\n\n<p>Un chef de file en environnement en Am\u00e9rique du Nord, SANEXEN con\u00e7oit depuis plus de quatre d\u00e9cennies des solutions durables, sur mesure et \u00e0 la fine pointe de la technologie. Notre expertise couvre la r\u00e9habilitation de sites contamin\u00e9s, la gestion des mati\u00e8res r\u00e9glement\u00e9es, l\u2019analyse de risques, le dragage, la d\u00e9shydratation, le traitement des effluents industriels, l\u2019\u00e9limination des PFAS, et bien plus encore.<\/p>\n\n\n\n<p>Ce qui nous distingue? Nos \u00e9quipes multidisciplinaires d\u2019ing\u00e9nieurs, de scientifiques et de sp\u00e9cialistes passionn\u00e9s, qui repoussent les limites de l\u2019innovation pour relever les d\u00e9fis environnementaux les plus complexes dans les secteurs industriel, municipal et gouvernemental.<\/p>\n\n\n\n<p><strong>Travailler chez SANEXEN, c\u2019est contribuer \u00e0 des projets porteurs de sens, dans un environnement o\u00f9 ton expertise est reconnue, ta voix entendue et ton d\u00e9veloppement soutenu.<\/strong> <\/p>\n\n\n\n<p>Ici, tu fais partie d\u2019une \u00e9quipe engag\u00e9e \u00e0 b\u00e2tir un avenir plus propre, plus s\u00fbr et plus durable \u2014 pour tous.<\/p>\n\n\n\n<p><\/p>\n","protected":false},"featured_media":0,"template":"","meta":{"_et_pb_use_builder":"","_et_pb_old_content":"","_et_gb_content_width":""},"job_category":[161,184,163],"job_region":[232,169,170],"job_type":[174],"work_mode":[177],"class_list":["post-18079","job","type-job","status-publish","hentry","job_category-gestion-de-projets","job_category-ingenierie","job_category-operations","job_region-atikokan-on-canada","job_region-partout-au-canada","job_region-quebec-qc-canada","job_type-temps-plein","work_mode-presentiel"],"yoast_head":"<!-- This site is optimized with the Yoast SEO plugin v27.4 - https:\/\/yoast.com\/product\/yoast-seo-wordpress\/ -->\n<title>Charg\u00e9.e de projets, Environnement (Fly-In\/Fly-out) | Carri\u00e8re chez SANEXEN<\/title>\n<meta name=\"description\" content=\"Sanexen est \u00e0 la recherche d&#039;un\u00b7e [titre du poste] pour ses bureaux de [lieu].\" \/>\n<meta name=\"robots\" content=\"index, follow, max-snippet:-1, max-image-preview:large, max-video-preview:-1\" \/>\n<link rel=\"canonical\" href=\"https:\/\/careers.sanexen.com\/fr\/job\/charge-e-de-projets-environnement-fly-in-fly-out\/\" \/>\n<meta property=\"og:locale\" content=\"fr_FR\" \/>\n<meta property=\"og:type\" content=\"article\" \/>\n<meta property=\"og:title\" content=\"Charg\u00e9.e de projets, Environnement (Fly-In\/Fly-out) | Carri\u00e8re chez SANEXEN\" \/>\n<meta property=\"og:description\" content=\"Sanexen est \u00e0 la recherche d&#039;un\u00b7e [titre du poste] pour ses bureaux de [lieu].\" \/>\n<meta property=\"og:url\" content=\"https:\/\/careers.sanexen.com\/fr\/job\/charge-e-de-projets-environnement-fly-in-fly-out\/\" \/>\n<meta property=\"og:site_name\" content=\"SANEXEN\" \/>\n<meta property=\"article:publisher\" content=\"https:\/\/www.facebook.com\/sanexen.env\/\" \/>\n<meta property=\"article:modified_time\" content=\"2026-04-28T18:09:04+00:00\" \/>\n<meta property=\"og:image\" content=\"https:\/\/careers.sanexen.com\/wp-content\/uploads\/2025\/11\/Site-default-image-for-post.png\" \/>\n\t<meta property=\"og:image:width\" content=\"1200\" \/>\n\t<meta property=\"og:image:height\" content=\"675\" \/>\n\t<meta property=\"og:image:type\" content=\"image\/png\" \/>\n<meta name=\"twitter:card\" content=\"summary_large_image\" \/>\n<meta name=\"twitter:site\" content=\"@sanexen_env\" \/>\n<meta name=\"twitter:label1\" content=\"Dur\u00e9e de lecture estim\u00e9e\" \/>\n\t<meta name=\"twitter:data1\" content=\"4 minutes\" \/>\n<script type=\"application\/ld+json\" class=\"yoast-schema-graph\">{\"@context\":\"https:\\\/\\\/schema.org\",\"@graph\":[{\"@type\":\"WebPage\",\"@id\":\"https:\\\/\\\/careers.sanexen.com\\\/fr\\\/job\\\/charge-e-de-projets-environnement-fly-in-fly-out\\\/\",\"url\":\"https:\\\/\\\/careers.sanexen.com\\\/fr\\\/job\\\/charge-e-de-projets-environnement-fly-in-fly-out\\\/\",\"name\":\"Charg\u00e9.e de projets, Environnement (Fly-In\\\/Fly-out) | Carri\u00e8re chez SANEXEN\",\"isPartOf\":{\"@id\":\"https:\\\/\\\/sanexen.com\\\/#website\"},\"datePublished\":\"2026-04-28T15:45:27+00:00\",\"dateModified\":\"2026-04-28T18:09:04+00:00\",\"description\":\"Sanexen est \u00e0 la recherche d'un\u00b7e [titre du poste] pour ses bureaux de [lieu].\",\"breadcrumb\":{\"@id\":\"https:\\\/\\\/careers.sanexen.com\\\/fr\\\/job\\\/charge-e-de-projets-environnement-fly-in-fly-out\\\/#breadcrumb\"},\"inLanguage\":\"fr-FR\",\"potentialAction\":[{\"@type\":\"ReadAction\",\"target\":[\"https:\\\/\\\/careers.sanexen.com\\\/fr\\\/job\\\/charge-e-de-projets-environnement-fly-in-fly-out\\\/\"]}]},{\"@type\":\"BreadcrumbList\",\"@id\":\"https:\\\/\\\/careers.sanexen.com\\\/fr\\\/job\\\/charge-e-de-projets-environnement-fly-in-fly-out\\\/#breadcrumb\",\"itemListElement\":[{\"@type\":\"ListItem\",\"position\":1,\"name\":\"Home\",\"item\":\"https:\\\/\\\/altragroup.com\\\/fr\\\/\"},{\"@type\":\"ListItem\",\"position\":2,\"name\":\"Jobs\",\"item\":\"https:\\\/\\\/careers.sanexen.com\\\/fr\\\/job\\\/\"},{\"@type\":\"ListItem\",\"position\":3,\"name\":\"Charg\u00e9.e de projets, Environnement (Fly-In\\\/Fly-out)\"}]},{\"@type\":\"WebSite\",\"@id\":\"https:\\\/\\\/sanexen.com\\\/#website\",\"url\":\"https:\\\/\\\/sanexen.com\\\/\",\"name\":\"SANEXEN\",\"description\":\"Field-Driven Innovation in Environmental and Water Services\u2014Advancing a More Sustainable Future\",\"publisher\":{\"@id\":\"https:\\\/\\\/sanexen.com\\\/#organization\"},\"alternateName\":\"Sanexen Services environnementaux\",\"potentialAction\":[{\"@type\":\"SearchAction\",\"target\":{\"@type\":\"EntryPoint\",\"urlTemplate\":\"https:\\\/\\\/sanexen.com\\\/?s={search_term_string}\"},\"query-input\":{\"@type\":\"PropertyValueSpecification\",\"valueRequired\":true,\"valueName\":\"search_term_string\"}}],\"inLanguage\":\"fr-FR\"},{\"@type\":\"Organization\",\"@id\":\"https:\\\/\\\/sanexen.com\\\/#organization\",\"name\":\"SANEXEN\",\"alternateName\":\"Sanexen Services environnementaux\",\"url\":\"https:\\\/\\\/sanexen.com\\\/\",\"logo\":{\"@type\":\"ImageObject\",\"inLanguage\":\"fr-FR\",\"@id\":\"https:\\\/\\\/sanexen.com\\\/#\\\/schema\\\/logo\\\/image\\\/\",\"url\":\"https:\\\/\\\/sanexen.com\\\/wp-content\\\/uploads\\\/2025\\\/11\\\/SNX-logo-696X696.png\",\"contentUrl\":\"https:\\\/\\\/sanexen.com\\\/wp-content\\\/uploads\\\/2025\\\/11\\\/SNX-logo-696X696.png\",\"width\":696,\"height\":696,\"caption\":\"SANEXEN\"},\"image\":{\"@id\":\"https:\\\/\\\/sanexen.com\\\/#\\\/schema\\\/logo\\\/image\\\/\"},\"sameAs\":[\"https:\\\/\\\/www.facebook.com\\\/sanexen.env\\\/\",\"https:\\\/\\\/x.com\\\/sanexen_env\",\"https:\\\/\\\/www.linkedin.com\\\/company\\\/sanexen-env\",\"https:\\\/\\\/www.youtube.com\\\/@sanexen-env\"]}]}<\/script>\n<!-- \/ Yoast SEO plugin. -->","yoast_head_json":{"title":"Charg\u00e9.e de projets, Environnement (Fly-In\/Fly-out) | Carri\u00e8re chez SANEXEN","description":"Sanexen est \u00e0 la recherche d'un\u00b7e [titre du poste] pour ses bureaux de [lieu].","robots":{"index":"index","follow":"follow","max-snippet":"max-snippet:-1","max-image-preview":"max-image-preview:large","max-video-preview":"max-video-preview:-1"},"canonical":"https:\/\/careers.sanexen.com\/fr\/job\/charge-e-de-projets-environnement-fly-in-fly-out\/","og_locale":"fr_FR","og_type":"article","og_title":"Charg\u00e9.e de projets, Environnement (Fly-In\/Fly-out) | Carri\u00e8re chez SANEXEN","og_description":"Sanexen est \u00e0 la recherche d'un\u00b7e [titre du poste] pour ses bureaux de [lieu].","og_url":"https:\/\/careers.sanexen.com\/fr\/job\/charge-e-de-projets-environnement-fly-in-fly-out\/","og_site_name":"SANEXEN","article_publisher":"https:\/\/www.facebook.com\/sanexen.env\/","article_modified_time":"2026-04-28T18:09:04+00:00","og_image":[{"width":1200,"height":675,"url":"https:\/\/careers.sanexen.com\/wp-content\/uploads\/2025\/11\/Site-default-image-for-post.png","type":"image\/png"}],"twitter_card":"summary_large_image","twitter_site":"@sanexen_env","twitter_misc":{"Dur\u00e9e de lecture estim\u00e9e":"4 minutes"},"schema":{"@context":"https:\/\/schema.org","@graph":[{"@type":"WebPage","@id":"https:\/\/careers.sanexen.com\/fr\/job\/charge-e-de-projets-environnement-fly-in-fly-out\/","url":"https:\/\/careers.sanexen.com\/fr\/job\/charge-e-de-projets-environnement-fly-in-fly-out\/","name":"Charg\u00e9.e de projets, Environnement (Fly-In\/Fly-out) | Carri\u00e8re chez SANEXEN","isPartOf":{"@id":"https:\/\/sanexen.com\/#website"},"datePublished":"2026-04-28T15:45:27+00:00","dateModified":"2026-04-28T18:09:04+00:00","description":"Sanexen est \u00e0 la recherche d'un\u00b7e [titre du poste] pour ses bureaux de [lieu].","breadcrumb":{"@id":"https:\/\/careers.sanexen.com\/fr\/job\/charge-e-de-projets-environnement-fly-in-fly-out\/#breadcrumb"},"inLanguage":"fr-FR","potentialAction":[{"@type":"ReadAction","target":["https:\/\/careers.sanexen.com\/fr\/job\/charge-e-de-projets-environnement-fly-in-fly-out\/"]}]},{"@type":"BreadcrumbList","@id":"https:\/\/careers.sanexen.com\/fr\/job\/charge-e-de-projets-environnement-fly-in-fly-out\/#breadcrumb","itemListElement":[{"@type":"ListItem","position":1,"name":"Home","item":"https:\/\/altragroup.com\/fr\/"},{"@type":"ListItem","position":2,"name":"Jobs","item":"https:\/\/careers.sanexen.com\/fr\/job\/"},{"@type":"ListItem","position":3,"name":"Charg\u00e9.e de projets, Environnement (Fly-In\/Fly-out)"}]},{"@type":"WebSite","@id":"https:\/\/sanexen.com\/#website","url":"https:\/\/sanexen.com\/","name":"SANEXEN","description":"Field-Driven Innovation in Environmental and Water Services\u2014Advancing a More Sustainable Future","publisher":{"@id":"https:\/\/sanexen.com\/#organization"},"alternateName":"Sanexen Services environnementaux","potentialAction":[{"@type":"SearchAction","target":{"@type":"EntryPoint","urlTemplate":"https:\/\/sanexen.com\/?s={search_term_string}"},"query-input":{"@type":"PropertyValueSpecification","valueRequired":true,"valueName":"search_term_string"}}],"inLanguage":"fr-FR"},{"@type":"Organization","@id":"https:\/\/sanexen.com\/#organization","name":"SANEXEN","alternateName":"Sanexen Services environnementaux","url":"https:\/\/sanexen.com\/","logo":{"@type":"ImageObject","inLanguage":"fr-FR","@id":"https:\/\/sanexen.com\/#\/schema\/logo\/image\/","url":"https:\/\/sanexen.com\/wp-content\/uploads\/2025\/11\/SNX-logo-696X696.png","contentUrl":"https:\/\/sanexen.com\/wp-content\/uploads\/2025\/11\/SNX-logo-696X696.png","width":696,"height":696,"caption":"SANEXEN"},"image":{"@id":"https:\/\/sanexen.com\/#\/schema\/logo\/image\/"},"sameAs":["https:\/\/www.facebook.com\/sanexen.env\/","https:\/\/x.com\/sanexen_env","https:\/\/www.linkedin.com\/company\/sanexen-env","https:\/\/www.youtube.com\/@sanexen-env"]}]}},"_links":{"self":[{"href":"https:\/\/careers.sanexen.com\/fr\/wp-json\/wp\/v2\/job\/18079","targetHints":{"allow":["GET"]}}],"collection":[{"href":"https:\/\/careers.sanexen.com\/fr\/wp-json\/wp\/v2\/job"}],"about":[{"href":"https:\/\/careers.sanexen.com\/fr\/wp-json\/wp\/v2\/types\/job"}],"version-history":[{"count":4,"href":"https:\/\/careers.sanexen.com\/fr\/wp-json\/wp\/v2\/job\/18079\/revisions"}],"predecessor-version":[{"id":18087,"href":"https:\/\/careers.sanexen.com\/fr\/wp-json\/wp\/v2\/job\/18079\/revisions\/18087"}],"wp:attachment":[{"href":"https:\/\/careers.sanexen.com\/fr\/wp-json\/wp\/v2\/media?parent=18079"}],"wp:term":[{"taxonomy":"job_category","embeddable":true,"href":"https:\/\/careers.sanexen.com\/fr\/wp-json\/wp\/v2\/job_category?post=18079"},{"taxonomy":"job_region","embeddable":true,"href":"https:\/\/careers.sanexen.com\/fr\/wp-json\/wp\/v2\/job_region?post=18079"},{"taxonomy":"job_type","embeddable":true,"href":"https:\/\/careers.sanexen.com\/fr\/wp-json\/wp\/v2\/job_type?post=18079"},{"taxonomy":"work_mode","embeddable":true,"href":"https:\/\/careers.sanexen.com\/fr\/wp-json\/wp\/v2\/work_mode?post=18079"}],"curies":[{"name":"wp","href":"https:\/\/api.w.org\/{rel}","templated":true}]}}